{"id":878,"date":"2016-05-06T11:14:55","date_gmt":"2016-05-06T11:14:55","guid":{"rendered":"http:\/\/europa-forum.org\/pl\/?page_id=878"},"modified":"2017-03-24T14:51:39","modified_gmt":"2017-03-24T13:51:39","slug":"korzysci","status":"publish","type":"page","link":"https:\/\/europa-forum.org\/pl\/czlonkostwo\/korzysci\/","title":{"rendered":"Korzy\u015bci"},"content":{"rendered":"<ul>\n<li>zaproszenia na comiesi\u0119czne spotkania EUROPA FORUM,<\/li>\n<li>informacje dot. zaprosze\u0144 na wydarzenia naszych partner\u00f3w i innych instytucji lokalnych,<\/li>\n<li>dost\u0119p do danych kontaktowych zrzeszonych cz\u0142onk\u00f3w,<\/li>\n<li>mo\u017cliwo\u015bc publikacji ofert oraz zapyta\u0144,<\/li>\n<li>mo\u017cliwo\u015b\u0107 prezentacji firmy,<\/li>\n<li>mo\u017cliwo\u015b\u0107 korzystania z pomieszcze\u0144 stowarzyszenia i naszych partner\u00f3w na spotkania biznesowe,<\/li>\n<li>warunki specjalne dla cz\u0142onk\u00f3w (np. preferencyjne ceny szkole\u0144),<\/li>\n<li>bezpo\u015brednia wymiana praktycznych do\u015bwiadcze\u0144 w kr\u0119gu przedsi\u0119biorc\u00f3w.<\/li>\n<\/ul>\n<hr \/>\n<p><a href=\"http:\/\/europa-forum.org\/wp-content\/uploads\/2016\/04\/EF_Mitgliedschaftsurkunde_Fa_Mustermann.png\"><img loading=\"lazy\" decoding=\"async\" src=\"https:\/\/storage.googleapis.com\/media-cloud-test-ef\/2016\/04\/pl\/EF_Mitgliedschaftsurkunde_Fa_Mustermann-212x300.png\" alt=\"EF_Mitgliedschaftsurkunde_Fa_Mustermann\" width=\"212\" height=\"300\" class=\"alignright size-medium wp-image-631\" style=\"border: 1px solid #005496;\" srcset=\"https:\/\/storage.googleapis.com\/media-cloud-test-ef\/2016\/04\/pl\/EF_Mitgliedschaftsurkunde_Fa_Mustermann-768x1086.png 768w, https:\/\/storage.googleapis.com\/media-cloud-test-ef\/2016\/04\/pl\/EF_Mitgliedschaftsurkunde_Fa_Mustermann-724x1024.png 724w, https:\/\/storage.googleapis.com\/media-cloud-test-ef\/2016\/04\/pl\/EF_Mitgliedschaftsurkunde_Fa_Mustermann.png 849w\" sizes=\"auto, (max-width: 212px) 100vw, 212px\" \/><\/a><\/p>\n<p><strong>Za\u015bwiadczenie potwierdzaj\u0105ce cz\u0142onkostwo<\/strong><\/p>\n<p>Oczywi\u015bcie cz\u0142onkom przyst\u0119puj\u0105cym do grona EUROPA FORUM wystawiamy za\u015bwiadczenie potwierdzaj\u0105ce cz\u0142onkostwo. Wz\u00f3r widnieje poni\u017cej.<\/p>\n","protected":false},"excerpt":{"rendered":"<p>zaproszenia na comiesi\u0119czne spotkania EUROPA FORUM, informacje dot. zaprosze\u0144 na wydarzenia naszych partner\u00f3w i innych instytucji lokalnych, dost\u0119p do danych kontaktowych zrzeszonych cz\u0142onk\u00f3w, mo\u017cliwo\u015bc publikacji ofert oraz zapyta\u0144, mo\u017cliwo\u015b\u0107 prezentacji &#8230; <a class=\"read-more\" href=\"https:\/\/europa-forum.org\/pl\/czlonkostwo\/korzysci\/\">Czytaj wi\u0119cej<\/a><\/p>\n","protected":false},"author":34,"featured_media":0,"parent":732,"menu_order":0,"comment_status":"closed","ping_status":"closed","template":"","meta":{"ngg_post_thumbnail":0,"footnotes":""},"class_list":["post-878","page","type-page","status-publish","hentry"],"yoast_head":"<!-- This site is optimized with the Yoast SEO plugin v27.3 - https:\/\/yoast.com\/product\/yoast-seo-wordpress\/ -->\n<title>Korzy\u015bci - EUROPA FORUM<\/title>\n<meta name=\"robots\" content=\"index, follow, max-snippet:-1, max-image-preview:large, max-video-preview:-1\" \/>\n<link rel=\"canonical\" href=\"https:\/\/europa-forum.org\/mitgliedschaft\/vorteile\/\" \/>\n<meta property=\"og:locale\" content=\"pl_PL\" \/>\n<meta property=\"og:type\" content=\"article\" \/>\n<meta property=\"og:title\" content=\"Korzy\u015bci - EUROPA FORUM\" \/>\n<meta property=\"og:description\" content=\"zaproszenia na comiesi\u0119czne spotkania EUROPA FORUM, informacje dot. zaprosze\u0144 na wydarzenia naszych partner\u00f3w i innych instytucji lokalnych, dost\u0119p do danych kontaktowych zrzeszonych cz\u0142onk\u00f3w, mo\u017cliwo\u015bc publikacji ofert oraz zapyta\u0144, mo\u017cliwo\u015b\u0107 prezentacji ... Czytaj wi\u0119cej\" \/>\n<meta property=\"og:url\" content=\"https:\/\/europa-forum.org\/mitgliedschaft\/vorteile\/\" \/>\n<meta property=\"og:site_name\" content=\"EUROPA FORUM\" \/>\n<meta property=\"article:publisher\" content=\"https:\/\/www.facebook.com\/EuropaForum\/\" \/>\n<meta property=\"article:modified_time\" content=\"2017-03-24T13:51:39+00:00\" \/>\n<meta property=\"og:image\" content=\"http:\/\/europa-forum.org\/wp-content\/uploads\/2016\/04\/EF_Mitgliedschaftsurkunde_Fa_Mustermann-212x300.png\" \/>\n<meta name=\"twitter:card\" content=\"summary_large_image\" \/>\n<meta name=\"twitter:label1\" content=\"Szacowany czas czytania\" \/>\n\t<meta name=\"twitter:data1\" content=\"1 minuta\" \/>\n<script type=\"application\/ld+json\" class=\"yoast-schema-graph\">{\"@context\":\"https:\\\/\\\/schema.org\",\"@graph\":[{\"@type\":\"WebPage\",\"@id\":\"https:\\\/\\\/europa-forum.org\\\/mitgliedschaft\\\/vorteile\\\/\",\"url\":\"https:\\\/\\\/europa-forum.org\\\/mitgliedschaft\\\/vorteile\\\/\",\"name\":\"Korzy\u015bci - EUROPA FORUM\",\"isPartOf\":{\"@id\":\"https:\\\/\\\/europa-forum.org\\\/#website\"},\"primaryImageOfPage\":{\"@id\":\"https:\\\/\\\/europa-forum.org\\\/mitgliedschaft\\\/vorteile\\\/#primaryimage\"},\"image\":{\"@id\":\"https:\\\/\\\/europa-forum.org\\\/mitgliedschaft\\\/vorteile\\\/#primaryimage\"},\"thumbnailUrl\":\"http:\\\/\\\/europa-forum.org\\\/wp-content\\\/uploads\\\/2016\\\/04\\\/EF_Mitgliedschaftsurkunde_Fa_Mustermann-212x300.png\",\"datePublished\":\"2016-05-06T11:14:55+00:00\",\"dateModified\":\"2017-03-24T13:51:39+00:00\",\"breadcrumb\":{\"@id\":\"https:\\\/\\\/europa-forum.org\\\/mitgliedschaft\\\/vorteile\\\/#breadcrumb\"},\"inLanguage\":\"pl-PL\",\"potentialAction\":[{\"@type\":\"ReadAction\",\"target\":[\"https:\\\/\\\/europa-forum.org\\\/mitgliedschaft\\\/vorteile\\\/\"]}]},{\"@type\":\"ImageObject\",\"inLanguage\":\"pl-PL\",\"@id\":\"https:\\\/\\\/europa-forum.org\\\/mitgliedschaft\\\/vorteile\\\/#primaryimage\",\"url\":\"http:\\\/\\\/europa-forum.org\\\/wp-content\\\/uploads\\\/2016\\\/04\\\/EF_Mitgliedschaftsurkunde_Fa_Mustermann-212x300.png\",\"contentUrl\":\"http:\\\/\\\/europa-forum.org\\\/wp-content\\\/uploads\\\/2016\\\/04\\\/EF_Mitgliedschaftsurkunde_Fa_Mustermann-212x300.png\"},{\"@type\":\"BreadcrumbList\",\"@id\":\"https:\\\/\\\/europa-forum.org\\\/mitgliedschaft\\\/vorteile\\\/#breadcrumb\",\"itemListElement\":[{\"@type\":\"ListItem\",\"position\":1,\"name\":\"Home\",\"item\":\"https:\\\/\\\/europa-forum.org\\\/pl\\\/\"},{\"@type\":\"ListItem\",\"position\":2,\"name\":\"Cz\u0142onkostwo\",\"item\":\"https:\\\/\\\/europa-forum.org\\\/mitgliedschaft\\\/\"},{\"@type\":\"ListItem\",\"position\":3,\"name\":\"Korzy\u015bci\"}]},{\"@type\":\"WebSite\",\"@id\":\"https:\\\/\\\/europa-forum.org\\\/#website\",\"url\":\"https:\\\/\\\/europa-forum.org\\\/\",\"name\":\"EUROPA FORUM\",\"description\":\"Polsko-Niemieckie Ko\u0142o Gospodarcze we Wroc\u0142awiu\",\"publisher\":{\"@id\":\"https:\\\/\\\/europa-forum.org\\\/#organization\"},\"potentialAction\":[{\"@type\":\"SearchAction\",\"target\":{\"@type\":\"EntryPoint\",\"urlTemplate\":\"https:\\\/\\\/europa-forum.org\\\/?s={search_term_string}\"},\"query-input\":{\"@type\":\"PropertyValueSpecification\",\"valueRequired\":true,\"valueName\":\"search_term_string\"}}],\"inLanguage\":\"pl-PL\"},{\"@type\":\"Organization\",\"@id\":\"https:\\\/\\\/europa-forum.org\\\/#organization\",\"name\":\"EUROPA FORUM\",\"url\":\"https:\\\/\\\/europa-forum.org\\\/\",\"logo\":{\"@type\":\"ImageObject\",\"inLanguage\":\"pl-PL\",\"@id\":\"https:\\\/\\\/europa-forum.org\\\/#\\\/schema\\\/logo\\\/image\\\/\",\"url\":\"https:\\\/\\\/storage.googleapis.com\\\/media-cloud-test-ef\\\/2024\\\/12\\\/logo-square.png\",\"contentUrl\":\"https:\\\/\\\/storage.googleapis.com\\\/media-cloud-test-ef\\\/2024\\\/12\\\/logo-square.png\",\"width\":240,\"height\":240,\"caption\":\"EUROPA FORUM\"},\"image\":{\"@id\":\"https:\\\/\\\/europa-forum.org\\\/#\\\/schema\\\/logo\\\/image\\\/\"},\"sameAs\":[\"https:\\\/\\\/www.facebook.com\\\/EuropaForum\\\/\",\"https:\\\/\\\/www.linkedin.com\\\/company\\\/europa-forum\"]}]}<\/script>\n<!-- \/ Yoast SEO plugin. -->","yoast_head_json":{"title":"Korzy\u015bci - EUROPA FORUM","robots":{"index":"index","follow":"follow","max-snippet":"max-snippet:-1","max-image-preview":"max-image-preview:large","max-video-preview":"max-video-preview:-1"},"canonical":"https:\/\/europa-forum.org\/mitgliedschaft\/vorteile\/","og_locale":"pl_PL","og_type":"article","og_title":"Korzy\u015bci - EUROPA FORUM","og_description":"zaproszenia na comiesi\u0119czne spotkania EUROPA FORUM, informacje dot. zaprosze\u0144 na wydarzenia naszych partner\u00f3w i innych instytucji lokalnych, dost\u0119p do danych kontaktowych zrzeszonych cz\u0142onk\u00f3w, mo\u017cliwo\u015bc publikacji ofert oraz zapyta\u0144, mo\u017cliwo\u015b\u0107 prezentacji ... Czytaj wi\u0119cej","og_url":"https:\/\/europa-forum.org\/mitgliedschaft\/vorteile\/","og_site_name":"EUROPA FORUM","article_publisher":"https:\/\/www.facebook.com\/EuropaForum\/","article_modified_time":"2017-03-24T13:51:39+00:00","og_image":[{"url":"http:\/\/europa-forum.org\/wp-content\/uploads\/2016\/04\/EF_Mitgliedschaftsurkunde_Fa_Mustermann-212x300.png","type":"","width":"","height":""}],"twitter_card":"summary_large_image","twitter_misc":{"Szacowany czas czytania":"1 minuta"},"schema":{"@context":"https:\/\/schema.org","@graph":[{"@type":"WebPage","@id":"https:\/\/europa-forum.org\/mitgliedschaft\/vorteile\/","url":"https:\/\/europa-forum.org\/mitgliedschaft\/vorteile\/","name":"Korzy\u015bci - EUROPA FORUM","isPartOf":{"@id":"https:\/\/europa-forum.org\/#website"},"primaryImageOfPage":{"@id":"https:\/\/europa-forum.org\/mitgliedschaft\/vorteile\/#primaryimage"},"image":{"@id":"https:\/\/europa-forum.org\/mitgliedschaft\/vorteile\/#primaryimage"},"thumbnailUrl":"http:\/\/europa-forum.org\/wp-content\/uploads\/2016\/04\/EF_Mitgliedschaftsurkunde_Fa_Mustermann-212x300.png","datePublished":"2016-05-06T11:14:55+00:00","dateModified":"2017-03-24T13:51:39+00:00","breadcrumb":{"@id":"https:\/\/europa-forum.org\/mitgliedschaft\/vorteile\/#breadcrumb"},"inLanguage":"pl-PL","potentialAction":[{"@type":"ReadAction","target":["https:\/\/europa-forum.org\/mitgliedschaft\/vorteile\/"]}]},{"@type":"ImageObject","inLanguage":"pl-PL","@id":"https:\/\/europa-forum.org\/mitgliedschaft\/vorteile\/#primaryimage","url":"http:\/\/europa-forum.org\/wp-content\/uploads\/2016\/04\/EF_Mitgliedschaftsurkunde_Fa_Mustermann-212x300.png","contentUrl":"http:\/\/europa-forum.org\/wp-content\/uploads\/2016\/04\/EF_Mitgliedschaftsurkunde_Fa_Mustermann-212x300.png"},{"@type":"BreadcrumbList","@id":"https:\/\/europa-forum.org\/mitgliedschaft\/vorteile\/#breadcrumb","itemListElement":[{"@type":"ListItem","position":1,"name":"Home","item":"https:\/\/europa-forum.org\/pl\/"},{"@type":"ListItem","position":2,"name":"Cz\u0142onkostwo","item":"https:\/\/europa-forum.org\/mitgliedschaft\/"},{"@type":"ListItem","position":3,"name":"Korzy\u015bci"}]},{"@type":"WebSite","@id":"https:\/\/europa-forum.org\/#website","url":"https:\/\/europa-forum.org\/","name":"EUROPA FORUM","description":"Polsko-Niemieckie Ko\u0142o Gospodarcze we Wroc\u0142awiu","publisher":{"@id":"https:\/\/europa-forum.org\/#organization"},"potentialAction":[{"@type":"SearchAction","target":{"@type":"EntryPoint","urlTemplate":"https:\/\/europa-forum.org\/?s={search_term_string}"},"query-input":{"@type":"PropertyValueSpecification","valueRequired":true,"valueName":"search_term_string"}}],"inLanguage":"pl-PL"},{"@type":"Organization","@id":"https:\/\/europa-forum.org\/#organization","name":"EUROPA FORUM","url":"https:\/\/europa-forum.org\/","logo":{"@type":"ImageObject","inLanguage":"pl-PL","@id":"https:\/\/europa-forum.org\/#\/schema\/logo\/image\/","url":"https:\/\/storage.googleapis.com\/media-cloud-test-ef\/2024\/12\/logo-square.png","contentUrl":"https:\/\/storage.googleapis.com\/media-cloud-test-ef\/2024\/12\/logo-square.png","width":240,"height":240,"caption":"EUROPA FORUM"},"image":{"@id":"https:\/\/europa-forum.org\/#\/schema\/logo\/image\/"},"sameAs":["https:\/\/www.facebook.com\/EuropaForum\/","https:\/\/www.linkedin.com\/company\/europa-forum"]}]}},"_links":{"self":[{"href":"https:\/\/europa-forum.org\/pl\/wp-json\/wp\/v2\/pages\/878","targetHints":{"allow":["GET"]}}],"collection":[{"href":"https:\/\/europa-forum.org\/pl\/wp-json\/wp\/v2\/pages"}],"about":[{"href":"https:\/\/europa-forum.org\/pl\/wp-json\/wp\/v2\/types\/page"}],"author":[{"embeddable":true,"href":"https:\/\/europa-forum.org\/pl\/wp-json\/wp\/v2\/users\/34"}],"replies":[{"embeddable":true,"href":"https:\/\/europa-forum.org\/pl\/wp-json\/wp\/v2\/comments?post=878"}],"version-history":[{"count":4,"href":"https:\/\/europa-forum.org\/pl\/wp-json\/wp\/v2\/pages\/878\/revisions"}],"predecessor-version":[{"id":13211,"href":"https:\/\/europa-forum.org\/pl\/wp-json\/wp\/v2\/pages\/878\/revisions\/13211"}],"up":[{"embeddable":true,"href":"https:\/\/europa-forum.org\/pl\/wp-json\/wp\/v2\/pages\/732"}],"wp:attachment":[{"href":"https:\/\/europa-forum.org\/pl\/wp-json\/wp\/v2\/media?parent=878"}],"curies":[{"name":"wp","href":"https:\/\/api.w.org\/{rel}","templated":true}]}}