{"id":13352,"date":"2017-04-14T12:50:17","date_gmt":"2017-04-14T10:50:17","guid":{"rendered":"http:\/\/europa-forum.org\/?page_id=13352\/"},"modified":"2017-04-14T14:56:15","modified_gmt":"2017-04-14T12:56:15","slug":"2017-03-30","status":"publish","type":"page","link":"https:\/\/europa-forum.org\/pl\/wydarzenia\/galeria-zdjec\/zgromadzenia-walne\/2017-03-30\/","title":{"rendered":"2017.03.30"},"content":{"rendered":"<p>30 marca odby\u0142o si\u0119 coroczne Walne Zgromadzenie Cz\u0142onk\u00f3w Europa Forum. Na posiedzeniu wybrano gremia na now\u0105 kadencj\u0119. Zgromadzenie udzieli\u0142o absolutorium wszystkim gremiom kt\u00f3re wspiera\u0142y prac\u0119 stowarzyszenia, ponadto opr\u00f3cz retrospekcji dzia\u0142a\u0144 z ubieg\u0142ego roku przedstawiono tez strategi\u0119 i plany na bie\u017c\u0105cy rok.<\/p>\n<p>Wi\u0119cej informacji mo\u017cna znale\u017a\u0107 tutaj: <a href=\"\/?p=13298\">Zgromadzenie Walne Cz\u0142onk\u00f3w EUROPA FORUM ju\u017c za nami<\/a><\/p>\nngg_shortcode_0_placeholder\n","protected":false},"excerpt":{"rendered":"<p>30 marca odby\u0142o si\u0119 coroczne Walne Zgromadzenie Cz\u0142onk\u00f3w Europa Forum. Na posiedzeniu wybrano gremia na now\u0105 kadencj\u0119. Zgromadzenie udzieli\u0142o absolutorium wszystkim gremiom kt\u00f3re wspiera\u0142y prac\u0119 stowarzyszenia, ponadto opr\u00f3cz retrospekcji dzia\u0142a\u0144 &#8230; <a class=\"read-more\" href=\"https:\/\/europa-forum.org\/pl\/wydarzenia\/galeria-zdjec\/zgromadzenia-walne\/2017-03-30\/\">Czytaj wi\u0119cej<\/a><\/p>\n","protected":false},"author":34,"featured_media":0,"parent":5119,"menu_order":0,"comment_status":"closed","ping_status":"closed","template":"europa-forum-fotos-hauptversammlungen.php","meta":{"ngg_post_thumbnail":0,"footnotes":""},"class_list":["post-13352","page","type-page","status-publish","hentry"],"yoast_head":"<!-- This site is optimized with the Yoast SEO plugin v27.3 - https:\/\/yoast.com\/product\/yoast-seo-wordpress\/ -->\n<title>2017.03.30 - EUROPA FORUM<\/title>\n<meta name=\"robots\" content=\"index, follow, max-snippet:-1, max-image-preview:large, max-video-preview:-1\" \/>\n<link rel=\"canonical\" href=\"https:\/\/europa-forum.org\/pl\/wydarzenia\/galeria-zdjec\/zgromadzenia-walne\/2017-03-30\/\" \/>\n<meta property=\"og:locale\" content=\"pl_PL\" \/>\n<meta property=\"og:type\" content=\"article\" \/>\n<meta property=\"og:title\" content=\"2017.03.30 - EUROPA FORUM\" \/>\n<meta property=\"og:description\" content=\"30 marca odby\u0142o si\u0119 coroczne Walne Zgromadzenie Cz\u0142onk\u00f3w Europa Forum. Na posiedzeniu wybrano gremia na now\u0105 kadencj\u0119. Zgromadzenie udzieli\u0142o absolutorium wszystkim gremiom kt\u00f3re wspiera\u0142y prac\u0119 stowarzyszenia, ponadto opr\u00f3cz retrospekcji dzia\u0142a\u0144 ... Czytaj wi\u0119cej\" \/>\n<meta property=\"og:url\" content=\"https:\/\/europa-forum.org\/pl\/wydarzenia\/galeria-zdjec\/zgromadzenia-walne\/2017-03-30\/\" \/>\n<meta property=\"og:site_name\" content=\"EUROPA FORUM\" \/>\n<meta property=\"article:publisher\" content=\"https:\/\/www.facebook.com\/EuropaForum\/\" \/>\n<meta property=\"article:modified_time\" content=\"2017-04-14T12:56:15+00:00\" \/>\n<meta name=\"twitter:card\" content=\"summary_large_image\" \/>\n<script type=\"application\/ld+json\" class=\"yoast-schema-graph\">{\"@context\":\"https:\\\/\\\/schema.org\",\"@graph\":[{\"@type\":\"WebPage\",\"@id\":\"https:\\\/\\\/europa-forum.org\\\/pl\\\/wydarzenia\\\/galeria-zdjec\\\/zgromadzenia-walne\\\/2017-03-30\\\/\",\"url\":\"https:\\\/\\\/europa-forum.org\\\/pl\\\/wydarzenia\\\/galeria-zdjec\\\/zgromadzenia-walne\\\/2017-03-30\\\/\",\"name\":\"2017.03.30 - EUROPA FORUM\",\"isPartOf\":{\"@id\":\"https:\\\/\\\/europa-forum.org\\\/#website\"},\"datePublished\":\"2017-04-14T10:50:17+00:00\",\"dateModified\":\"2017-04-14T12:56:15+00:00\",\"breadcrumb\":{\"@id\":\"https:\\\/\\\/europa-forum.org\\\/pl\\\/wydarzenia\\\/galeria-zdjec\\\/zgromadzenia-walne\\\/2017-03-30\\\/#breadcrumb\"},\"inLanguage\":\"pl-PL\",\"potentialAction\":[{\"@type\":\"ReadAction\",\"target\":[\"https:\\\/\\\/europa-forum.org\\\/pl\\\/wydarzenia\\\/galeria-zdjec\\\/zgromadzenia-walne\\\/2017-03-30\\\/\"]}]},{\"@type\":\"BreadcrumbList\",\"@id\":\"https:\\\/\\\/europa-forum.org\\\/pl\\\/wydarzenia\\\/galeria-zdjec\\\/zgromadzenia-walne\\\/2017-03-30\\\/#breadcrumb\",\"itemListElement\":[{\"@type\":\"ListItem\",\"position\":1,\"name\":\"Home\",\"item\":\"https:\\\/\\\/europa-forum.org\\\/pl\\\/\"},{\"@type\":\"ListItem\",\"position\":2,\"name\":\"Wydarzenia\",\"item\":\"https:\\\/\\\/europa-forum.org\\\/pl\\\/wydarzenia\\\/\"},{\"@type\":\"ListItem\",\"position\":3,\"name\":\"Galeria zdj\u0119\u0107\",\"item\":\"https:\\\/\\\/europa-forum.org\\\/pl\\\/wydarzenia\\\/galeria-zdjec\\\/\"},{\"@type\":\"ListItem\",\"position\":4,\"name\":\"Zgromadzenia walne\",\"item\":\"https:\\\/\\\/europa-forum.org\\\/pl\\\/wydarzenia\\\/galeria-zdjec\\\/zgromadzenia-walne\\\/\"},{\"@type\":\"ListItem\",\"position\":5,\"name\":\"2017.03.30\"}]},{\"@type\":\"WebSite\",\"@id\":\"https:\\\/\\\/europa-forum.org\\\/#website\",\"url\":\"https:\\\/\\\/europa-forum.org\\\/\",\"name\":\"EUROPA FORUM\",\"description\":\"Polsko-Niemieckie Ko\u0142o Gospodarcze we Wroc\u0142awiu\",\"publisher\":{\"@id\":\"https:\\\/\\\/europa-forum.org\\\/#organization\"},\"potentialAction\":[{\"@type\":\"SearchAction\",\"target\":{\"@type\":\"EntryPoint\",\"urlTemplate\":\"https:\\\/\\\/europa-forum.org\\\/?s={search_term_string}\"},\"query-input\":{\"@type\":\"PropertyValueSpecification\",\"valueRequired\":true,\"valueName\":\"search_term_string\"}}],\"inLanguage\":\"pl-PL\"},{\"@type\":\"Organization\",\"@id\":\"https:\\\/\\\/europa-forum.org\\\/#organization\",\"name\":\"EUROPA FORUM\",\"url\":\"https:\\\/\\\/europa-forum.org\\\/\",\"logo\":{\"@type\":\"ImageObject\",\"inLanguage\":\"pl-PL\",\"@id\":\"https:\\\/\\\/europa-forum.org\\\/#\\\/schema\\\/logo\\\/image\\\/\",\"url\":\"https:\\\/\\\/storage.googleapis.com\\\/media-cloud-test-ef\\\/2024\\\/12\\\/logo-square.png\",\"contentUrl\":\"https:\\\/\\\/storage.googleapis.com\\\/media-cloud-test-ef\\\/2024\\\/12\\\/logo-square.png\",\"width\":240,\"height\":240,\"caption\":\"EUROPA FORUM\"},\"image\":{\"@id\":\"https:\\\/\\\/europa-forum.org\\\/#\\\/schema\\\/logo\\\/image\\\/\"},\"sameAs\":[\"https:\\\/\\\/www.facebook.com\\\/EuropaForum\\\/\",\"https:\\\/\\\/www.linkedin.com\\\/company\\\/europa-forum\"]}]}<\/script>\n<!-- \/ Yoast SEO plugin. -->","yoast_head_json":{"title":"2017.03.30 - EUROPA FORUM","robots":{"index":"index","follow":"follow","max-snippet":"max-snippet:-1","max-image-preview":"max-image-preview:large","max-video-preview":"max-video-preview:-1"},"canonical":"https:\/\/europa-forum.org\/pl\/wydarzenia\/galeria-zdjec\/zgromadzenia-walne\/2017-03-30\/","og_locale":"pl_PL","og_type":"article","og_title":"2017.03.30 - EUROPA FORUM","og_description":"30 marca odby\u0142o si\u0119 coroczne Walne Zgromadzenie Cz\u0142onk\u00f3w Europa Forum. Na posiedzeniu wybrano gremia na now\u0105 kadencj\u0119. Zgromadzenie udzieli\u0142o absolutorium wszystkim gremiom kt\u00f3re wspiera\u0142y prac\u0119 stowarzyszenia, ponadto opr\u00f3cz retrospekcji dzia\u0142a\u0144 ... Czytaj wi\u0119cej","og_url":"https:\/\/europa-forum.org\/pl\/wydarzenia\/galeria-zdjec\/zgromadzenia-walne\/2017-03-30\/","og_site_name":"EUROPA FORUM","article_publisher":"https:\/\/www.facebook.com\/EuropaForum\/","article_modified_time":"2017-04-14T12:56:15+00:00","twitter_card":"summary_large_image","schema":{"@context":"https:\/\/schema.org","@graph":[{"@type":"WebPage","@id":"https:\/\/europa-forum.org\/pl\/wydarzenia\/galeria-zdjec\/zgromadzenia-walne\/2017-03-30\/","url":"https:\/\/europa-forum.org\/pl\/wydarzenia\/galeria-zdjec\/zgromadzenia-walne\/2017-03-30\/","name":"2017.03.30 - EUROPA FORUM","isPartOf":{"@id":"https:\/\/europa-forum.org\/#website"},"datePublished":"2017-04-14T10:50:17+00:00","dateModified":"2017-04-14T12:56:15+00:00","breadcrumb":{"@id":"https:\/\/europa-forum.org\/pl\/wydarzenia\/galeria-zdjec\/zgromadzenia-walne\/2017-03-30\/#breadcrumb"},"inLanguage":"pl-PL","potentialAction":[{"@type":"ReadAction","target":["https:\/\/europa-forum.org\/pl\/wydarzenia\/galeria-zdjec\/zgromadzenia-walne\/2017-03-30\/"]}]},{"@type":"BreadcrumbList","@id":"https:\/\/europa-forum.org\/pl\/wydarzenia\/galeria-zdjec\/zgromadzenia-walne\/2017-03-30\/#breadcrumb","itemListElement":[{"@type":"ListItem","position":1,"name":"Home","item":"https:\/\/europa-forum.org\/pl\/"},{"@type":"ListItem","position":2,"name":"Wydarzenia","item":"https:\/\/europa-forum.org\/pl\/wydarzenia\/"},{"@type":"ListItem","position":3,"name":"Galeria zdj\u0119\u0107","item":"https:\/\/europa-forum.org\/pl\/wydarzenia\/galeria-zdjec\/"},{"@type":"ListItem","position":4,"name":"Zgromadzenia walne","item":"https:\/\/europa-forum.org\/pl\/wydarzenia\/galeria-zdjec\/zgromadzenia-walne\/"},{"@type":"ListItem","position":5,"name":"2017.03.30"}]},{"@type":"WebSite","@id":"https:\/\/europa-forum.org\/#website","url":"https:\/\/europa-forum.org\/","name":"EUROPA FORUM","description":"Polsko-Niemieckie Ko\u0142o Gospodarcze we Wroc\u0142awiu","publisher":{"@id":"https:\/\/europa-forum.org\/#organization"},"potentialAction":[{"@type":"SearchAction","target":{"@type":"EntryPoint","urlTemplate":"https:\/\/europa-forum.org\/?s={search_term_string}"},"query-input":{"@type":"PropertyValueSpecification","valueRequired":true,"valueName":"search_term_string"}}],"inLanguage":"pl-PL"},{"@type":"Organization","@id":"https:\/\/europa-forum.org\/#organization","name":"EUROPA FORUM","url":"https:\/\/europa-forum.org\/","logo":{"@type":"ImageObject","inLanguage":"pl-PL","@id":"https:\/\/europa-forum.org\/#\/schema\/logo\/image\/","url":"https:\/\/storage.googleapis.com\/media-cloud-test-ef\/2024\/12\/logo-square.png","contentUrl":"https:\/\/storage.googleapis.com\/media-cloud-test-ef\/2024\/12\/logo-square.png","width":240,"height":240,"caption":"EUROPA FORUM"},"image":{"@id":"https:\/\/europa-forum.org\/#\/schema\/logo\/image\/"},"sameAs":["https:\/\/www.facebook.com\/EuropaForum\/","https:\/\/www.linkedin.com\/company\/europa-forum"]}]}},"_links":{"self":[{"href":"https:\/\/europa-forum.org\/pl\/wp-json\/wp\/v2\/pages\/13352","targetHints":{"allow":["GET"]}}],"collection":[{"href":"https:\/\/europa-forum.org\/pl\/wp-json\/wp\/v2\/pages"}],"about":[{"href":"https:\/\/europa-forum.org\/pl\/wp-json\/wp\/v2\/types\/page"}],"author":[{"embeddable":true,"href":"https:\/\/europa-forum.org\/pl\/wp-json\/wp\/v2\/users\/34"}],"replies":[{"embeddable":true,"href":"https:\/\/europa-forum.org\/pl\/wp-json\/wp\/v2\/comments?post=13352"}],"version-history":[{"count":2,"href":"https:\/\/europa-forum.org\/pl\/wp-json\/wp\/v2\/pages\/13352\/revisions"}],"predecessor-version":[{"id":13363,"href":"https:\/\/europa-forum.org\/pl\/wp-json\/wp\/v2\/pages\/13352\/revisions\/13363"}],"up":[{"embeddable":true,"href":"https:\/\/europa-forum.org\/pl\/wp-json\/wp\/v2\/pages\/5119"}],"wp:attachment":[{"href":"https:\/\/europa-forum.org\/pl\/wp-json\/wp\/v2\/media?parent=13352"}],"curies":[{"name":"wp","href":"https:\/\/api.w.org\/{rel}","templated":true}]}}